{"id":9799,"date":"2026-01-22T14:37:08","date_gmt":"2026-01-22T13:37:08","guid":{"rendered":"https:\/\/prix.formesdeluxe.com\/?page_id=9799"},"modified":"2026-01-29T17:15:41","modified_gmt":"2026-01-29T16:15:41","slug":"ceremonie-des-prix-formes-de-luxe-2025","status":"publish","type":"page","link":"https:\/\/prix.formesdeluxe.com\/fr\/ceremonie-des-prix-formes-de-luxe-2025\/","title":{"rendered":"C\u00e9r\u00e9monie des Prix Formes de Luxe 2025"},"content":{"rendered":"\n<h2 class=\"has-text-align-center\">C\u00c9R\u00c9MONIE DE REMISE DES PRIX FORMES DE LUXE<\/h2>\n\n\n\n<p class=\"has-text-align-center has-large-font-size\">Revivez la c\u00e9r\u00e9monie des Formes de Luxe Awards 2025 en images et<\/p>\n\n\n\n<p class=\"has-text-align-center has-large-font-size\">d\u00e9couvrez les laur\u00e9ats de l&#8217;\u00e9dition de cette ann\u00e9e <a href=\"https:\/\/www.formesdeluxe.com\/article\/the-best-luxury-packaging-announcing-the-victors-of-the-formes-de-luxe-awards-2025.65104\">ici<\/a>.<\/p>\n\n\n\n<p><\/p>\n\n\n\n<p><\/p>\n\n\n<div  class=\"strate alignfull has-background-color-opacity-100\" style=\" background-position: 50% 50%;\"><div class=\"centrage\">\n<div class=\"slick-slider slick-slider--3  slick-slider--gallery-popup\"><div class='slick-slider__cont' data-slick='{\"autoplay\": true, \"autoplaySpeed\": 4000,  \"slidesToShow\": 4}'><a href=\"https:\/\/prix.formesdeluxe.com\/app\/uploads\/2026\/02\/Monomaterial-Box-Jerome-Cahu-Van-Genechten-Packaging-and-Laurent-Gery-Oriol-Fontanel-scaled.jpg\" data-source=\"https:\/\/prix.formesdeluxe.com\/app\/uploads\/2026\/02\/Monomaterial-Box-Jerome-Cahu-Van-Genechten-Packaging-and-Laurent-Gery-Oriol-Fontanel-scaled.jpg\"><figure itemscope itemtype=\"https:\/\/schema.org\/ImageObject\"><img width=\"800\" height=\"1200\" src=\"https:\/\/prix.formesdeluxe.com\/app\/uploads\/2026\/02\/Monomaterial-Box-Jerome-Cahu-Van-Genechten-Packaging-and-Laurent-Gery-Oriol-Fontanel-800x1200.jpg\" class=\" wp-post-image\" alt=\"Monomaterial Box - J\u00e9r\u00f4me Cahu (Van Genechten Packaging) and Laurent Gery (Oriol &amp; Fontanel)\" srcset=\"https:\/\/prix.formesdeluxe.com\/app\/uploads\/2026\/02\/Monomaterial-Box-Jerome-Cahu-Van-Genechten-Packaging-and-Laurent-Gery-Oriol-Fontanel-800x1200.jpg 800w, https:\/\/prix.formesdeluxe.com\/app\/uploads\/2026\/02\/Monomaterial-Box-Jerome-Cahu-Van-Genechten-Packaging-and-Laurent-Gery-Oriol-Fontanel-200x300.jpg 200w, https:\/\/prix.formesdeluxe.com\/app\/uploads\/2026\/02\/Monomaterial-Box-Jerome-Cahu-Van-Genechten-Packaging-and-Laurent-Gery-Oriol-Fontanel-683x1024.jpg 683w, https:\/\/prix.formesdeluxe.com\/app\/uploads\/2026\/02\/Monomaterial-Box-Jerome-Cahu-Van-Genechten-Packaging-and-Laurent-Gery-Oriol-Fontanel-768x1152.jpg 768w, https:\/\/prix.formesdeluxe.com\/app\/uploads\/2026\/02\/Monomaterial-Box-Jerome-Cahu-Van-Genechten-Packaging-and-Laurent-Gery-Oriol-Fontanel-1024x1536.jpg 1024w, https:\/\/prix.formesdeluxe.com\/app\/uploads\/2026\/02\/Monomaterial-Box-Jerome-Cahu-Van-Genechten-Packaging-and-Laurent-Gery-Oriol-Fontanel-1365x2048.jpg 1365w, https:\/\/prix.formesdeluxe.com\/app\/uploads\/2026\/02\/Monomaterial-Box-Jerome-Cahu-Van-Genechten-Packaging-and-Laurent-Gery-Oriol-Fontanel-1200x1800.jpg 1200w, https:\/\/prix.formesdeluxe.com\/app\/uploads\/2026\/02\/Monomaterial-Box-Jerome-Cahu-Van-Genechten-Packaging-and-Laurent-Gery-Oriol-Fontanel-400x600.jpg 400w, https:\/\/prix.formesdeluxe.com\/app\/uploads\/2026\/02\/Monomaterial-Box-Jerome-Cahu-Van-Genechten-Packaging-and-Laurent-Gery-Oriol-Fontanel-scaled.jpg 1707w\" sizes=\"(max-width: 800px) 100vw, 800px\" \/><meta itemprop=\"caption\" content=\"\u00c9tui\/Coffret mono-mat\u00e9riau papier &#8211; Jerome Cahu (Van-Genechten) and Laurent Gery (Oriol Fontanel)\"><figcaption><p style=\"text-align: center;\">FDL Awards 2025 &#8211; \u00c9tui\/Coffret mono-mat\u00e9riau papier &#8211; Jerome Cahu (Van-Genechten) and Laurent Gery (Oriol Fontanel)<\/p><\/figcaption><\/figure><\/a><a href=\"https:\/\/prix.formesdeluxe.com\/app\/uploads\/2026\/02\/REFILL1-1-scaled.jpg\" data-source=\"https:\/\/prix.formesdeluxe.com\/app\/uploads\/2026\/02\/REFILL1-1-scaled.jpg\"><figure itemscope itemtype=\"https:\/\/schema.org\/ImageObject\"><img width=\"800\" height=\"1200\" src=\"https:\/\/prix.formesdeluxe.com\/app\/uploads\/2026\/02\/REFILL1-1-800x1200.jpg\" class=\" wp-post-image\" alt=\"REFILL~1\" srcset=\"https:\/\/prix.formesdeluxe.com\/app\/uploads\/2026\/02\/REFILL1-1-800x1200.jpg 800w, https:\/\/prix.formesdeluxe.com\/app\/uploads\/2026\/02\/REFILL1-1-200x300.jpg 200w, https:\/\/prix.formesdeluxe.com\/app\/uploads\/2026\/02\/REFILL1-1-683x1024.jpg 683w, https:\/\/prix.formesdeluxe.com\/app\/uploads\/2026\/02\/REFILL1-1-768x1152.jpg 768w, https:\/\/prix.formesdeluxe.com\/app\/uploads\/2026\/02\/REFILL1-1-1024x1536.jpg 1024w, https:\/\/prix.formesdeluxe.com\/app\/uploads\/2026\/02\/REFILL1-1-1365x2048.jpg 1365w, https:\/\/prix.formesdeluxe.com\/app\/uploads\/2026\/02\/REFILL1-1-1200x1800.jpg 1200w, https:\/\/prix.formesdeluxe.com\/app\/uploads\/2026\/02\/REFILL1-1-400x600.jpg 400w, https:\/\/prix.formesdeluxe.com\/app\/uploads\/2026\/02\/REFILL1-1-scaled.jpg 1707w\" sizes=\"(max-width: 800px) 100vw, 800px\" \/><meta itemprop=\"caption\" content=\"Refill\/recharge &#8211; Eric M\u00e9chineau (Guerlain), Noemie Leblond (Knoll Prestige Packaging), Thibault Trefeil (Guerlain), and Erwann Pivert (Servaire &#038; Co)\"><figcaption><p style=\"text-align: center;\">FDL Awards 2025 &#8211; Refill\/recharge &#8211; Eric M\u00e9chineau (Guerlain), Noemie Leblond (Knoll Prestige Packaging), Thibault Trefeil (Guerlain), and Erwann Pivert (Servaire &amp; Co)<\/p><\/figcaption><\/figure><\/a><a href=\"https:\/\/prix.formesdeluxe.com\/app\/uploads\/2026\/02\/Novel-Materials-Luisa-Jannuzzi-Woamy-scaled.jpg\" data-source=\"https:\/\/prix.formesdeluxe.com\/app\/uploads\/2026\/02\/Novel-Materials-Luisa-Jannuzzi-Woamy-scaled.jpg\"><figure itemscope itemtype=\"https:\/\/schema.org\/ImageObject\"><img width=\"800\" height=\"1200\" src=\"https:\/\/prix.formesdeluxe.com\/app\/uploads\/2026\/02\/Novel-Materials-Luisa-Jannuzzi-Woamy-800x1200.jpg\" class=\" wp-post-image\" alt=\"Novel Materials - Luisa Jannuzzi (Woamy)\" srcset=\"https:\/\/prix.formesdeluxe.com\/app\/uploads\/2026\/02\/Novel-Materials-Luisa-Jannuzzi-Woamy-800x1200.jpg 800w, https:\/\/prix.formesdeluxe.com\/app\/uploads\/2026\/02\/Novel-Materials-Luisa-Jannuzzi-Woamy-200x300.jpg 200w, https:\/\/prix.formesdeluxe.com\/app\/uploads\/2026\/02\/Novel-Materials-Luisa-Jannuzzi-Woamy-683x1024.jpg 683w, https:\/\/prix.formesdeluxe.com\/app\/uploads\/2026\/02\/Novel-Materials-Luisa-Jannuzzi-Woamy-768x1152.jpg 768w, https:\/\/prix.formesdeluxe.com\/app\/uploads\/2026\/02\/Novel-Materials-Luisa-Jannuzzi-Woamy-1024x1536.jpg 1024w, https:\/\/prix.formesdeluxe.com\/app\/uploads\/2026\/02\/Novel-Materials-Luisa-Jannuzzi-Woamy-1365x2048.jpg 1365w, https:\/\/prix.formesdeluxe.com\/app\/uploads\/2026\/02\/Novel-Materials-Luisa-Jannuzzi-Woamy-1200x1800.jpg 1200w, https:\/\/prix.formesdeluxe.com\/app\/uploads\/2026\/02\/Novel-Materials-Luisa-Jannuzzi-Woamy-400x600.jpg 400w, https:\/\/prix.formesdeluxe.com\/app\/uploads\/2026\/02\/Novel-Materials-Luisa-Jannuzzi-Woamy-scaled.jpg 1707w\" sizes=\"(max-width: 800px) 100vw, 800px\" \/><meta itemprop=\"caption\" content=\"Nouveaux mat\u00e9riaux &#8211; Luisa Jannuzzi\"><figcaption><p style=\"text-align: center;\">FDL Awards 2025 &#8211; Nouveaux mat\u00e9riaux &#8211; Luisa Jannuzzi<\/p><\/figcaption><\/figure><\/a><a href=\"https:\/\/prix.formesdeluxe.com\/app\/uploads\/2026\/02\/Jurys-Favorite-Design-Stuart-Betram-The-Macallan-Emily-Hillas-and-Frazer-Birch-The-Macallan-scaled.jpg\" data-source=\"https:\/\/prix.formesdeluxe.com\/app\/uploads\/2026\/02\/Jurys-Favorite-Design-Stuart-Betram-The-Macallan-Emily-Hillas-and-Frazer-Birch-The-Macallan-scaled.jpg\"><figure itemscope itemtype=\"https:\/\/schema.org\/ImageObject\"><img width=\"800\" height=\"1200\" src=\"https:\/\/prix.formesdeluxe.com\/app\/uploads\/2026\/02\/Jurys-Favorite-Design-Stuart-Betram-The-Macallan-Emily-Hillas-and-Frazer-Birch-The-Macallan-800x1200.jpg\" class=\" wp-post-image\" alt=\"Jury\u2019s Favorite Design - Stuart Betram (The Macallan), Emily Hillas, and Frazer Birch (The Macallan)\" srcset=\"https:\/\/prix.formesdeluxe.com\/app\/uploads\/2026\/02\/Jurys-Favorite-Design-Stuart-Betram-The-Macallan-Emily-Hillas-and-Frazer-Birch-The-Macallan-800x1200.jpg 800w, https:\/\/prix.formesdeluxe.com\/app\/uploads\/2026\/02\/Jurys-Favorite-Design-Stuart-Betram-The-Macallan-Emily-Hillas-and-Frazer-Birch-The-Macallan-200x300.jpg 200w, https:\/\/prix.formesdeluxe.com\/app\/uploads\/2026\/02\/Jurys-Favorite-Design-Stuart-Betram-The-Macallan-Emily-Hillas-and-Frazer-Birch-The-Macallan-683x1024.jpg 683w, https:\/\/prix.formesdeluxe.com\/app\/uploads\/2026\/02\/Jurys-Favorite-Design-Stuart-Betram-The-Macallan-Emily-Hillas-and-Frazer-Birch-The-Macallan-768x1152.jpg 768w, https:\/\/prix.formesdeluxe.com\/app\/uploads\/2026\/02\/Jurys-Favorite-Design-Stuart-Betram-The-Macallan-Emily-Hillas-and-Frazer-Birch-The-Macallan-1024x1536.jpg 1024w, https:\/\/prix.formesdeluxe.com\/app\/uploads\/2026\/02\/Jurys-Favorite-Design-Stuart-Betram-The-Macallan-Emily-Hillas-and-Frazer-Birch-The-Macallan-1365x2048.jpg 1365w, https:\/\/prix.formesdeluxe.com\/app\/uploads\/2026\/02\/Jurys-Favorite-Design-Stuart-Betram-The-Macallan-Emily-Hillas-and-Frazer-Birch-The-Macallan-1200x1800.jpg 1200w, https:\/\/prix.formesdeluxe.com\/app\/uploads\/2026\/02\/Jurys-Favorite-Design-Stuart-Betram-The-Macallan-Emily-Hillas-and-Frazer-Birch-The-Macallan-400x600.jpg 400w, https:\/\/prix.formesdeluxe.com\/app\/uploads\/2026\/02\/Jurys-Favorite-Design-Stuart-Betram-The-Macallan-Emily-Hillas-and-Frazer-Birch-The-Macallan-scaled.jpg 1707w\" sizes=\"(max-width: 800px) 100vw, 800px\" \/><meta itemprop=\"caption\" content=\"Coup de Coeur Design &#8211; Stuart Betram , Emily Hillas, and Frazer Birch\"><figcaption><p style=\"text-align: center;\">FDL Awards 2025 &#8211; Coup de Coeur Design &#8211; Stuart Betram , Emily Hillas, and Frazer Birch<\/p><\/figcaption><\/figure><\/a><a href=\"https:\/\/prix.formesdeluxe.com\/app\/uploads\/2026\/02\/Labels-Barbara-Pettiti-and-Julien-Romdane-scaled.jpg\" data-source=\"https:\/\/prix.formesdeluxe.com\/app\/uploads\/2026\/02\/Labels-Barbara-Pettiti-and-Julien-Romdane-scaled.jpg\"><figure itemscope itemtype=\"https:\/\/schema.org\/ImageObject\"><img width=\"800\" height=\"1200\" src=\"https:\/\/prix.formesdeluxe.com\/app\/uploads\/2026\/02\/Labels-Barbara-Pettiti-and-Julien-Romdane-800x1200.jpg\" class=\" wp-post-image\" alt=\"Labels - Barbara Pettiti and Julien Romdane\" srcset=\"https:\/\/prix.formesdeluxe.com\/app\/uploads\/2026\/02\/Labels-Barbara-Pettiti-and-Julien-Romdane-800x1200.jpg 800w, https:\/\/prix.formesdeluxe.com\/app\/uploads\/2026\/02\/Labels-Barbara-Pettiti-and-Julien-Romdane-200x300.jpg 200w, https:\/\/prix.formesdeluxe.com\/app\/uploads\/2026\/02\/Labels-Barbara-Pettiti-and-Julien-Romdane-683x1024.jpg 683w, https:\/\/prix.formesdeluxe.com\/app\/uploads\/2026\/02\/Labels-Barbara-Pettiti-and-Julien-Romdane-768x1152.jpg 768w, https:\/\/prix.formesdeluxe.com\/app\/uploads\/2026\/02\/Labels-Barbara-Pettiti-and-Julien-Romdane-1024x1536.jpg 1024w, https:\/\/prix.formesdeluxe.com\/app\/uploads\/2026\/02\/Labels-Barbara-Pettiti-and-Julien-Romdane-1365x2048.jpg 1365w, https:\/\/prix.formesdeluxe.com\/app\/uploads\/2026\/02\/Labels-Barbara-Pettiti-and-Julien-Romdane-1200x1800.jpg 1200w, https:\/\/prix.formesdeluxe.com\/app\/uploads\/2026\/02\/Labels-Barbara-Pettiti-and-Julien-Romdane-400x600.jpg 400w, https:\/\/prix.formesdeluxe.com\/app\/uploads\/2026\/02\/Labels-Barbara-Pettiti-and-Julien-Romdane-scaled.jpg 1707w\" sizes=\"(max-width: 800px) 100vw, 800px\" \/><meta itemprop=\"caption\" content=\"Etiquettes &#8211; Barbara Pettiti and Julien Romdane\"><figcaption><p style=\"text-align: center;\">FDL Awards 2025 &#8211; Etiquettes -Barbara Pettiti-and Julien Romdane<\/p><\/figcaption><\/figure><\/a><a href=\"https:\/\/prix.formesdeluxe.com\/app\/uploads\/2026\/02\/Inserts-\u2013-Pascal-Jost-Marie-Marty-and-Jerome-Villanueva-1-scaled.jpg\" data-source=\"https:\/\/prix.formesdeluxe.com\/app\/uploads\/2026\/02\/Inserts-\u2013-Pascal-Jost-Marie-Marty-and-Jerome-Villanueva-1-scaled.jpg\"><figure itemscope itemtype=\"https:\/\/schema.org\/ImageObject\"><img width=\"800\" height=\"1200\" src=\"https:\/\/prix.formesdeluxe.com\/app\/uploads\/2026\/02\/Inserts-\u2013-Pascal-Jost-Marie-Marty-and-Jerome-Villanueva-1-800x1200.jpg\" class=\" wp-post-image\" alt=\"Inserts \u2013 Pascal Jost, Marie Marty, and J\u00e9r\u00f4me Villanueva\" srcset=\"https:\/\/prix.formesdeluxe.com\/app\/uploads\/2026\/02\/Inserts-\u2013-Pascal-Jost-Marie-Marty-and-Jerome-Villanueva-1-800x1200.jpg 800w, https:\/\/prix.formesdeluxe.com\/app\/uploads\/2026\/02\/Inserts-\u2013-Pascal-Jost-Marie-Marty-and-Jerome-Villanueva-1-200x300.jpg 200w, https:\/\/prix.formesdeluxe.com\/app\/uploads\/2026\/02\/Inserts-\u2013-Pascal-Jost-Marie-Marty-and-Jerome-Villanueva-1-683x1024.jpg 683w, https:\/\/prix.formesdeluxe.com\/app\/uploads\/2026\/02\/Inserts-\u2013-Pascal-Jost-Marie-Marty-and-Jerome-Villanueva-1-768x1152.jpg 768w, https:\/\/prix.formesdeluxe.com\/app\/uploads\/2026\/02\/Inserts-\u2013-Pascal-Jost-Marie-Marty-and-Jerome-Villanueva-1-1024x1536.jpg 1024w, https:\/\/prix.formesdeluxe.com\/app\/uploads\/2026\/02\/Inserts-\u2013-Pascal-Jost-Marie-Marty-and-Jerome-Villanueva-1-1365x2048.jpg 1365w, https:\/\/prix.formesdeluxe.com\/app\/uploads\/2026\/02\/Inserts-\u2013-Pascal-Jost-Marie-Marty-and-Jerome-Villanueva-1-1200x1800.jpg 1200w, https:\/\/prix.formesdeluxe.com\/app\/uploads\/2026\/02\/Inserts-\u2013-Pascal-Jost-Marie-Marty-and-Jerome-Villanueva-1-400x600.jpg 400w, https:\/\/prix.formesdeluxe.com\/app\/uploads\/2026\/02\/Inserts-\u2013-Pascal-Jost-Marie-Marty-and-Jerome-Villanueva-1-scaled.jpg 1707w\" sizes=\"(max-width: 800px) 100vw, 800px\" \/><meta itemprop=\"caption\" content=\"Calage \u2013 Pascal Jost, Marie Marty, and J\u00e9r\u00f4me Villanueva\"><figcaption><p style=\"text-align: center;\">Formes de Luxe Awards 2025 &#8211; Calage \u2013 Pascal Jost, Marie Marty, and J\u00e9r\u00f4me Villanueva<\/p><\/figcaption><\/figure><\/a><a href=\"https:\/\/prix.formesdeluxe.com\/app\/uploads\/2026\/02\/Fine-Craftsmanship-Laure-Chollat-Namy-Julie-Bazet-and-Alexandra-Bosquet-scaled.jpg\" data-source=\"https:\/\/prix.formesdeluxe.com\/app\/uploads\/2026\/02\/Fine-Craftsmanship-Laure-Chollat-Namy-Julie-Bazet-and-Alexandra-Bosquet-scaled.jpg\"><figure itemscope itemtype=\"https:\/\/schema.org\/ImageObject\"><img width=\"800\" height=\"1200\" src=\"https:\/\/prix.formesdeluxe.com\/app\/uploads\/2026\/02\/Fine-Craftsmanship-Laure-Chollat-Namy-Julie-Bazet-and-Alexandra-Bosquet-800x1200.jpg\" class=\" wp-post-image\" alt=\"Fine Craftsmanship - Laure Chollat-Namy, Julie Bazet, and Alexandra Bosquet\" srcset=\"https:\/\/prix.formesdeluxe.com\/app\/uploads\/2026\/02\/Fine-Craftsmanship-Laure-Chollat-Namy-Julie-Bazet-and-Alexandra-Bosquet-800x1200.jpg 800w, https:\/\/prix.formesdeluxe.com\/app\/uploads\/2026\/02\/Fine-Craftsmanship-Laure-Chollat-Namy-Julie-Bazet-and-Alexandra-Bosquet-200x300.jpg 200w, https:\/\/prix.formesdeluxe.com\/app\/uploads\/2026\/02\/Fine-Craftsmanship-Laure-Chollat-Namy-Julie-Bazet-and-Alexandra-Bosquet-683x1024.jpg 683w, https:\/\/prix.formesdeluxe.com\/app\/uploads\/2026\/02\/Fine-Craftsmanship-Laure-Chollat-Namy-Julie-Bazet-and-Alexandra-Bosquet-768x1152.jpg 768w, https:\/\/prix.formesdeluxe.com\/app\/uploads\/2026\/02\/Fine-Craftsmanship-Laure-Chollat-Namy-Julie-Bazet-and-Alexandra-Bosquet-1024x1536.jpg 1024w, https:\/\/prix.formesdeluxe.com\/app\/uploads\/2026\/02\/Fine-Craftsmanship-Laure-Chollat-Namy-Julie-Bazet-and-Alexandra-Bosquet-1365x2048.jpg 1365w, https:\/\/prix.formesdeluxe.com\/app\/uploads\/2026\/02\/Fine-Craftsmanship-Laure-Chollat-Namy-Julie-Bazet-and-Alexandra-Bosquet-1200x1800.jpg 1200w, https:\/\/prix.formesdeluxe.com\/app\/uploads\/2026\/02\/Fine-Craftsmanship-Laure-Chollat-Namy-Julie-Bazet-and-Alexandra-Bosquet-400x600.jpg 400w, https:\/\/prix.formesdeluxe.com\/app\/uploads\/2026\/02\/Fine-Craftsmanship-Laure-Chollat-Namy-Julie-Bazet-and-Alexandra-Bosquet-scaled.jpg 1707w\" sizes=\"(max-width: 800px) 100vw, 800px\" \/><meta itemprop=\"caption\" content=\"Artisanat d\u2019art &#8211; Laure Chollat-Namy, Julie Bazet, and Alexandra Bosquet\"><figcaption><p style=\"text-align: center;\">Formes de LuxeL Awards 2025 &#8211; Artisanat d\u2019art<span class=\"upload-filename\">\u00a0&#8211; Laure Chollat-Namy, Julie Bazet, and Alexandra Bosquet<\/span><\/p><\/figcaption><\/figure><\/a><a href=\"https:\/\/prix.formesdeluxe.com\/app\/uploads\/2026\/02\/Finishing-Decoration-Charlene-Larbi-Paul-Antoine-Frizzi-Geraldine-Saux-Virginia-Elliott-and-Martina-Ballarino-scaled.jpg\" data-source=\"https:\/\/prix.formesdeluxe.com\/app\/uploads\/2026\/02\/Finishing-Decoration-Charlene-Larbi-Paul-Antoine-Frizzi-Geraldine-Saux-Virginia-Elliott-and-Martina-Ballarino-scaled.jpg\"><figure itemscope itemtype=\"https:\/\/schema.org\/ImageObject\"><img width=\"800\" height=\"1200\" src=\"https:\/\/prix.formesdeluxe.com\/app\/uploads\/2026\/02\/Finishing-Decoration-Charlene-Larbi-Paul-Antoine-Frizzi-Geraldine-Saux-Virginia-Elliott-and-Martina-Ballarino-800x1200.jpg\" class=\" wp-post-image\" alt=\"Finishing &amp; Decoration - Charl\u00e8ne Larbi, Paul-Antoine Frizzi, Geraldine Saux, Virginia Elliott, and Martina Ballarino\" srcset=\"https:\/\/prix.formesdeluxe.com\/app\/uploads\/2026\/02\/Finishing-Decoration-Charlene-Larbi-Paul-Antoine-Frizzi-Geraldine-Saux-Virginia-Elliott-and-Martina-Ballarino-800x1200.jpg 800w, https:\/\/prix.formesdeluxe.com\/app\/uploads\/2026\/02\/Finishing-Decoration-Charlene-Larbi-Paul-Antoine-Frizzi-Geraldine-Saux-Virginia-Elliott-and-Martina-Ballarino-200x300.jpg 200w, https:\/\/prix.formesdeluxe.com\/app\/uploads\/2026\/02\/Finishing-Decoration-Charlene-Larbi-Paul-Antoine-Frizzi-Geraldine-Saux-Virginia-Elliott-and-Martina-Ballarino-683x1024.jpg 683w, https:\/\/prix.formesdeluxe.com\/app\/uploads\/2026\/02\/Finishing-Decoration-Charlene-Larbi-Paul-Antoine-Frizzi-Geraldine-Saux-Virginia-Elliott-and-Martina-Ballarino-768x1152.jpg 768w, https:\/\/prix.formesdeluxe.com\/app\/uploads\/2026\/02\/Finishing-Decoration-Charlene-Larbi-Paul-Antoine-Frizzi-Geraldine-Saux-Virginia-Elliott-and-Martina-Ballarino-1024x1536.jpg 1024w, https:\/\/prix.formesdeluxe.com\/app\/uploads\/2026\/02\/Finishing-Decoration-Charlene-Larbi-Paul-Antoine-Frizzi-Geraldine-Saux-Virginia-Elliott-and-Martina-Ballarino-1365x2048.jpg 1365w, https:\/\/prix.formesdeluxe.com\/app\/uploads\/2026\/02\/Finishing-Decoration-Charlene-Larbi-Paul-Antoine-Frizzi-Geraldine-Saux-Virginia-Elliott-and-Martina-Ballarino-1200x1800.jpg 1200w, https:\/\/prix.formesdeluxe.com\/app\/uploads\/2026\/02\/Finishing-Decoration-Charlene-Larbi-Paul-Antoine-Frizzi-Geraldine-Saux-Virginia-Elliott-and-Martina-Ballarino-400x600.jpg 400w, https:\/\/prix.formesdeluxe.com\/app\/uploads\/2026\/02\/Finishing-Decoration-Charlene-Larbi-Paul-Antoine-Frizzi-Geraldine-Saux-Virginia-Elliott-and-Martina-Ballarino-scaled.jpg 1707w\" sizes=\"(max-width: 800px) 100vw, 800px\" \/><meta itemprop=\"caption\" content=\"D\u00e9cor &#038; parach\u00e8vement  &#8211; Charl\u00e8ne Larbi, Paul-Antoine Frizzi, Geraldine Saux, Virginia Elliott, and Martina Ballarino\"><figcaption><p style=\"text-align: center;\">Formes de Luxe Awards 2025 &#8211; D\u00e9cor &amp; parach\u00e8vement &#8211; Charl\u00e8ne Larbi, Paul-Antoine Frizzi, Geraldine Saux, Virginia Elliott, and Martina Ballarino<\/p><\/figcaption><\/figure><\/a><a href=\"https:\/\/prix.formesdeluxe.com\/app\/uploads\/2026\/01\/Dispensing-Alexandre-Gillard-and-Philippe-Briand-scaled.jpg\" data-source=\"https:\/\/prix.formesdeluxe.com\/app\/uploads\/2026\/01\/Dispensing-Alexandre-Gillard-and-Philippe-Briand-scaled.jpg\"><figure itemscope itemtype=\"https:\/\/schema.org\/ImageObject\"><img width=\"800\" height=\"1200\" src=\"https:\/\/prix.formesdeluxe.com\/app\/uploads\/2026\/01\/Dispensing-Alexandre-Gillard-and-Philippe-Briand-800x1200.jpg\" class=\" wp-post-image\" alt=\"Dispensing - Alexandre Gillard and Philippe Briand\" srcset=\"https:\/\/prix.formesdeluxe.com\/app\/uploads\/2026\/01\/Dispensing-Alexandre-Gillard-and-Philippe-Briand-800x1200.jpg 800w, https:\/\/prix.formesdeluxe.com\/app\/uploads\/2026\/01\/Dispensing-Alexandre-Gillard-and-Philippe-Briand-200x300.jpg 200w, https:\/\/prix.formesdeluxe.com\/app\/uploads\/2026\/01\/Dispensing-Alexandre-Gillard-and-Philippe-Briand-683x1024.jpg 683w, https:\/\/prix.formesdeluxe.com\/app\/uploads\/2026\/01\/Dispensing-Alexandre-Gillard-and-Philippe-Briand-768x1152.jpg 768w, https:\/\/prix.formesdeluxe.com\/app\/uploads\/2026\/01\/Dispensing-Alexandre-Gillard-and-Philippe-Briand-1024x1536.jpg 1024w, https:\/\/prix.formesdeluxe.com\/app\/uploads\/2026\/01\/Dispensing-Alexandre-Gillard-and-Philippe-Briand-1365x2048.jpg 1365w, https:\/\/prix.formesdeluxe.com\/app\/uploads\/2026\/01\/Dispensing-Alexandre-Gillard-and-Philippe-Briand-1200x1800.jpg 1200w, https:\/\/prix.formesdeluxe.com\/app\/uploads\/2026\/01\/Dispensing-Alexandre-Gillard-and-Philippe-Briand-400x600.jpg 400w, https:\/\/prix.formesdeluxe.com\/app\/uploads\/2026\/01\/Dispensing-Alexandre-Gillard-and-Philippe-Briand-scaled.jpg 1707w\" sizes=\"(max-width: 800px) 100vw, 800px\" \/><meta itemprop=\"caption\" content=\"FDL Awards 2025 Dispensing-Alexandre-Gillard et Philippe-Briand\"><figcaption><p style=\"text-align: center;\">FDL Awards 2025 Dispensing-Alexandre-Gillard et Philippe-Briand<\/p><\/figcaption><\/figure><\/a><a href=\"https:\/\/prix.formesdeluxe.com\/app\/uploads\/2026\/01\/Color-Cosmetics-Ninon-Claisse-scaled.jpg\" data-source=\"https:\/\/prix.formesdeluxe.com\/app\/uploads\/2026\/01\/Color-Cosmetics-Ninon-Claisse-scaled.jpg\"><figure itemscope itemtype=\"https:\/\/schema.org\/ImageObject\"><img width=\"800\" height=\"1200\" src=\"https:\/\/prix.formesdeluxe.com\/app\/uploads\/2026\/01\/Color-Cosmetics-Ninon-Claisse-800x1200.jpg\" class=\" wp-post-image\" alt=\"Color Cosmetics - Ninon Claisse\" srcset=\"https:\/\/prix.formesdeluxe.com\/app\/uploads\/2026\/01\/Color-Cosmetics-Ninon-Claisse-800x1200.jpg 800w, https:\/\/prix.formesdeluxe.com\/app\/uploads\/2026\/01\/Color-Cosmetics-Ninon-Claisse-200x300.jpg 200w, https:\/\/prix.formesdeluxe.com\/app\/uploads\/2026\/01\/Color-Cosmetics-Ninon-Claisse-683x1024.jpg 683w, https:\/\/prix.formesdeluxe.com\/app\/uploads\/2026\/01\/Color-Cosmetics-Ninon-Claisse-768x1152.jpg 768w, https:\/\/prix.formesdeluxe.com\/app\/uploads\/2026\/01\/Color-Cosmetics-Ninon-Claisse-1024x1536.jpg 1024w, https:\/\/prix.formesdeluxe.com\/app\/uploads\/2026\/01\/Color-Cosmetics-Ninon-Claisse-1365x2048.jpg 1365w, https:\/\/prix.formesdeluxe.com\/app\/uploads\/2026\/01\/Color-Cosmetics-Ninon-Claisse-1200x1800.jpg 1200w, https:\/\/prix.formesdeluxe.com\/app\/uploads\/2026\/01\/Color-Cosmetics-Ninon-Claisse-400x600.jpg 400w, https:\/\/prix.formesdeluxe.com\/app\/uploads\/2026\/01\/Color-Cosmetics-Ninon-Claisse-scaled.jpg 1707w\" sizes=\"(max-width: 800px) 100vw, 800px\" \/><meta itemprop=\"caption\" content=\"Formes de Luxe Awards 2025 &#8211; Maquillage &#8211; Ninon Claisse\"><figcaption><p style=\"text-align: center;\">Formes de Luxe Awards 2025 &#8211; Maquillage &#8211; Ninon Claisse<\/p><\/figcaption><\/figure><\/a><a href=\"https:\/\/prix.formesdeluxe.com\/app\/uploads\/2026\/01\/Coffret-Lifestyle-Linli-Jin-and-Alexandre-Gousset-scaled.jpg\" data-source=\"https:\/\/prix.formesdeluxe.com\/app\/uploads\/2026\/01\/Coffret-Lifestyle-Linli-Jin-and-Alexandre-Gousset-scaled.jpg\"><figure itemscope itemtype=\"https:\/\/schema.org\/ImageObject\"><img width=\"800\" height=\"1200\" src=\"https:\/\/prix.formesdeluxe.com\/app\/uploads\/2026\/01\/Coffret-Lifestyle-Linli-Jin-and-Alexandre-Gousset-800x1200.jpg\" class=\" wp-post-image\" alt=\"Coffret Lifestyle - Linli Jin and Alexandre Gousset\" srcset=\"https:\/\/prix.formesdeluxe.com\/app\/uploads\/2026\/01\/Coffret-Lifestyle-Linli-Jin-and-Alexandre-Gousset-800x1200.jpg 800w, https:\/\/prix.formesdeluxe.com\/app\/uploads\/2026\/01\/Coffret-Lifestyle-Linli-Jin-and-Alexandre-Gousset-200x300.jpg 200w, https:\/\/prix.formesdeluxe.com\/app\/uploads\/2026\/01\/Coffret-Lifestyle-Linli-Jin-and-Alexandre-Gousset-683x1024.jpg 683w, https:\/\/prix.formesdeluxe.com\/app\/uploads\/2026\/01\/Coffret-Lifestyle-Linli-Jin-and-Alexandre-Gousset-768x1152.jpg 768w, https:\/\/prix.formesdeluxe.com\/app\/uploads\/2026\/01\/Coffret-Lifestyle-Linli-Jin-and-Alexandre-Gousset-1024x1536.jpg 1024w, https:\/\/prix.formesdeluxe.com\/app\/uploads\/2026\/01\/Coffret-Lifestyle-Linli-Jin-and-Alexandre-Gousset-1365x2048.jpg 1365w, https:\/\/prix.formesdeluxe.com\/app\/uploads\/2026\/01\/Coffret-Lifestyle-Linli-Jin-and-Alexandre-Gousset-1200x1800.jpg 1200w, https:\/\/prix.formesdeluxe.com\/app\/uploads\/2026\/01\/Coffret-Lifestyle-Linli-Jin-and-Alexandre-Gousset-400x600.jpg 400w, https:\/\/prix.formesdeluxe.com\/app\/uploads\/2026\/01\/Coffret-Lifestyle-Linli-Jin-and-Alexandre-Gousset-scaled.jpg 1707w\" sizes=\"(max-width: 800px) 100vw, 800px\" \/><meta itemprop=\"caption\" content=\"Coffret Lifestyle &#8211; Linli Jin et Alexandre Gousset\"><figcaption>Formes de Luxe Awards 2025 &#8211; Coffret Lifestyle &#8211; Linli Jin et Alexandre Gousset<\/figcaption><\/figure><\/a><a href=\"https:\/\/prix.formesdeluxe.com\/app\/uploads\/2026\/01\/Coffret-Fragrance-Cosmetics-Jacques-Parrochia-and-Armand-Chaigne-scaled.jpg\" data-source=\"https:\/\/prix.formesdeluxe.com\/app\/uploads\/2026\/01\/Coffret-Fragrance-Cosmetics-Jacques-Parrochia-and-Armand-Chaigne-scaled.jpg\"><figure itemscope itemtype=\"https:\/\/schema.org\/ImageObject\"><img width=\"800\" height=\"1200\" src=\"https:\/\/prix.formesdeluxe.com\/app\/uploads\/2026\/01\/Coffret-Fragrance-Cosmetics-Jacques-Parrochia-and-Armand-Chaigne-800x1200.jpg\" class=\" wp-post-image\" alt=\"Coffret Fragrance &amp; Cosmetics - Jacques Parrochia and Armand Chaigne\" srcset=\"https:\/\/prix.formesdeluxe.com\/app\/uploads\/2026\/01\/Coffret-Fragrance-Cosmetics-Jacques-Parrochia-and-Armand-Chaigne-800x1200.jpg 800w, https:\/\/prix.formesdeluxe.com\/app\/uploads\/2026\/01\/Coffret-Fragrance-Cosmetics-Jacques-Parrochia-and-Armand-Chaigne-200x300.jpg 200w, https:\/\/prix.formesdeluxe.com\/app\/uploads\/2026\/01\/Coffret-Fragrance-Cosmetics-Jacques-Parrochia-and-Armand-Chaigne-683x1024.jpg 683w, https:\/\/prix.formesdeluxe.com\/app\/uploads\/2026\/01\/Coffret-Fragrance-Cosmetics-Jacques-Parrochia-and-Armand-Chaigne-768x1152.jpg 768w, https:\/\/prix.formesdeluxe.com\/app\/uploads\/2026\/01\/Coffret-Fragrance-Cosmetics-Jacques-Parrochia-and-Armand-Chaigne-1024x1536.jpg 1024w, https:\/\/prix.formesdeluxe.com\/app\/uploads\/2026\/01\/Coffret-Fragrance-Cosmetics-Jacques-Parrochia-and-Armand-Chaigne-1365x2048.jpg 1365w, https:\/\/prix.formesdeluxe.com\/app\/uploads\/2026\/01\/Coffret-Fragrance-Cosmetics-Jacques-Parrochia-and-Armand-Chaigne-1200x1800.jpg 1200w, https:\/\/prix.formesdeluxe.com\/app\/uploads\/2026\/01\/Coffret-Fragrance-Cosmetics-Jacques-Parrochia-and-Armand-Chaigne-400x600.jpg 400w, https:\/\/prix.formesdeluxe.com\/app\/uploads\/2026\/01\/Coffret-Fragrance-Cosmetics-Jacques-Parrochia-and-Armand-Chaigne-scaled.jpg 1707w\" sizes=\"(max-width: 800px) 100vw, 800px\" \/><meta itemprop=\"caption\" content=\"Coffret : Parfums &#038; cosm\u00e9tiques &#8211; Jacques Parrochia et Armand Chaigne\"><figcaption><p style=\"text-align: center;\">Formes de Luxe Awards 2025 &#8211; Coffret : Parfums &amp; cosm\u00e9tiques &#8211; Jacques Parrochia et Armand Chaigne<\/p><\/figcaption><\/figure><\/a><a href=\"https:\/\/prix.formesdeluxe.com\/app\/uploads\/2026\/01\/Coffret-Champagne-Wine-Spirits-Jerome-Lieutenant-and-Aurelie-Petit-scaled.jpg\" data-source=\"https:\/\/prix.formesdeluxe.com\/app\/uploads\/2026\/01\/Coffret-Champagne-Wine-Spirits-Jerome-Lieutenant-and-Aurelie-Petit-scaled.jpg\"><figure itemscope itemtype=\"https:\/\/schema.org\/ImageObject\"><img width=\"800\" height=\"1200\" src=\"https:\/\/prix.formesdeluxe.com\/app\/uploads\/2026\/01\/Coffret-Champagne-Wine-Spirits-Jerome-Lieutenant-and-Aurelie-Petit-800x1200.jpg\" class=\" wp-post-image\" alt=\"Coffret Champagne, Wine &amp; Spirits - Jerome Lieutenant and Aur\u00e9lie Petit\" srcset=\"https:\/\/prix.formesdeluxe.com\/app\/uploads\/2026\/01\/Coffret-Champagne-Wine-Spirits-Jerome-Lieutenant-and-Aurelie-Petit-800x1200.jpg 800w, https:\/\/prix.formesdeluxe.com\/app\/uploads\/2026\/01\/Coffret-Champagne-Wine-Spirits-Jerome-Lieutenant-and-Aurelie-Petit-200x300.jpg 200w, https:\/\/prix.formesdeluxe.com\/app\/uploads\/2026\/01\/Coffret-Champagne-Wine-Spirits-Jerome-Lieutenant-and-Aurelie-Petit-683x1024.jpg 683w, https:\/\/prix.formesdeluxe.com\/app\/uploads\/2026\/01\/Coffret-Champagne-Wine-Spirits-Jerome-Lieutenant-and-Aurelie-Petit-768x1152.jpg 768w, https:\/\/prix.formesdeluxe.com\/app\/uploads\/2026\/01\/Coffret-Champagne-Wine-Spirits-Jerome-Lieutenant-and-Aurelie-Petit-1024x1536.jpg 1024w, https:\/\/prix.formesdeluxe.com\/app\/uploads\/2026\/01\/Coffret-Champagne-Wine-Spirits-Jerome-Lieutenant-and-Aurelie-Petit-1365x2048.jpg 1365w, https:\/\/prix.formesdeluxe.com\/app\/uploads\/2026\/01\/Coffret-Champagne-Wine-Spirits-Jerome-Lieutenant-and-Aurelie-Petit-1200x1800.jpg 1200w, https:\/\/prix.formesdeluxe.com\/app\/uploads\/2026\/01\/Coffret-Champagne-Wine-Spirits-Jerome-Lieutenant-and-Aurelie-Petit-400x600.jpg 400w, https:\/\/prix.formesdeluxe.com\/app\/uploads\/2026\/01\/Coffret-Champagne-Wine-Spirits-Jerome-Lieutenant-and-Aurelie-Petit-scaled.jpg 1707w\" sizes=\"(max-width: 800px) 100vw, 800px\" \/><meta itemprop=\"caption\" content=\"Coffret : Champagne, vins &#038; spiritueux &#8211; Jerome Lieutenant et Aurelie Petit\"><figcaption><p style=\"text-align: center;\">Formes de Luxe Awards 2025 &#8211; Coffret : Champagne, vins &amp; spiritueux &#8211; Jerome Lieutenant et Aurelie Petit<\/p><\/figcaption><\/figure><\/a><a href=\"https:\/\/prix.formesdeluxe.com\/app\/uploads\/2026\/01\/Closures-Beauty-Fragrance-Gael-Pierre-Le-Bourges-and-Olivia-Wong-scaled.jpg\" data-source=\"https:\/\/prix.formesdeluxe.com\/app\/uploads\/2026\/01\/Closures-Beauty-Fragrance-Gael-Pierre-Le-Bourges-and-Olivia-Wong-scaled.jpg\"><figure itemscope itemtype=\"https:\/\/schema.org\/ImageObject\"><img width=\"800\" height=\"1200\" src=\"https:\/\/prix.formesdeluxe.com\/app\/uploads\/2026\/01\/Closures-Beauty-Fragrance-Gael-Pierre-Le-Bourges-and-Olivia-Wong-800x1200.jpg\" class=\" wp-post-image\" alt=\"Closures Beauty &amp; Fragrance - Ga\u00ebl Pierre Le Bourg\u00e8s and Olivia Wong\" srcset=\"https:\/\/prix.formesdeluxe.com\/app\/uploads\/2026\/01\/Closures-Beauty-Fragrance-Gael-Pierre-Le-Bourges-and-Olivia-Wong-800x1200.jpg 800w, https:\/\/prix.formesdeluxe.com\/app\/uploads\/2026\/01\/Closures-Beauty-Fragrance-Gael-Pierre-Le-Bourges-and-Olivia-Wong-200x300.jpg 200w, https:\/\/prix.formesdeluxe.com\/app\/uploads\/2026\/01\/Closures-Beauty-Fragrance-Gael-Pierre-Le-Bourges-and-Olivia-Wong-683x1024.jpg 683w, https:\/\/prix.formesdeluxe.com\/app\/uploads\/2026\/01\/Closures-Beauty-Fragrance-Gael-Pierre-Le-Bourges-and-Olivia-Wong-768x1152.jpg 768w, https:\/\/prix.formesdeluxe.com\/app\/uploads\/2026\/01\/Closures-Beauty-Fragrance-Gael-Pierre-Le-Bourges-and-Olivia-Wong-1024x1536.jpg 1024w, https:\/\/prix.formesdeluxe.com\/app\/uploads\/2026\/01\/Closures-Beauty-Fragrance-Gael-Pierre-Le-Bourges-and-Olivia-Wong-1365x2048.jpg 1365w, https:\/\/prix.formesdeluxe.com\/app\/uploads\/2026\/01\/Closures-Beauty-Fragrance-Gael-Pierre-Le-Bourges-and-Olivia-Wong-1200x1800.jpg 1200w, https:\/\/prix.formesdeluxe.com\/app\/uploads\/2026\/01\/Closures-Beauty-Fragrance-Gael-Pierre-Le-Bourges-and-Olivia-Wong-400x600.jpg 400w, https:\/\/prix.formesdeluxe.com\/app\/uploads\/2026\/01\/Closures-Beauty-Fragrance-Gael-Pierre-Le-Bourges-and-Olivia-Wong-scaled.jpg 1707w\" sizes=\"(max-width: 800px) 100vw, 800px\" \/><meta itemprop=\"caption\" content=\"Bouchage : Beaut\u00e9 &#038; parfums- Gael Pierre Le Bourges et Olivia Wong\"><figcaption><p style=\"text-align: center;\">Formes de Luxe Awards 2025 &#8211; Bouchage : Beaut\u00e9 &amp; parfums- Gael Pierre Le Bourges et Olivia Wong<\/p><\/figcaption><\/figure><\/a><a href=\"https:\/\/prix.formesdeluxe.com\/app\/uploads\/2026\/01\/Bottle-Wines-Spirits-Beverages-Arturo-Franco-Garcia-Thomas-Auger-and-Lancelot-Duchateau-scaled.jpg\" data-source=\"https:\/\/prix.formesdeluxe.com\/app\/uploads\/2026\/01\/Bottle-Wines-Spirits-Beverages-Arturo-Franco-Garcia-Thomas-Auger-and-Lancelot-Duchateau-scaled.jpg\"><figure itemscope itemtype=\"https:\/\/schema.org\/ImageObject\"><img width=\"800\" height=\"1200\" src=\"https:\/\/prix.formesdeluxe.com\/app\/uploads\/2026\/01\/Bottle-Wines-Spirits-Beverages-Arturo-Franco-Garcia-Thomas-Auger-and-Lancelot-Duchateau-800x1200.jpg\" class=\" wp-post-image\" alt=\"Bottle Wines, Spirits &amp; Beverages - Arturo Franco Garcia , Thomas Auger and Lancelot Duch\u00e2teau\" srcset=\"https:\/\/prix.formesdeluxe.com\/app\/uploads\/2026\/01\/Bottle-Wines-Spirits-Beverages-Arturo-Franco-Garcia-Thomas-Auger-and-Lancelot-Duchateau-800x1200.jpg 800w, https:\/\/prix.formesdeluxe.com\/app\/uploads\/2026\/01\/Bottle-Wines-Spirits-Beverages-Arturo-Franco-Garcia-Thomas-Auger-and-Lancelot-Duchateau-200x300.jpg 200w, https:\/\/prix.formesdeluxe.com\/app\/uploads\/2026\/01\/Bottle-Wines-Spirits-Beverages-Arturo-Franco-Garcia-Thomas-Auger-and-Lancelot-Duchateau-683x1024.jpg 683w, https:\/\/prix.formesdeluxe.com\/app\/uploads\/2026\/01\/Bottle-Wines-Spirits-Beverages-Arturo-Franco-Garcia-Thomas-Auger-and-Lancelot-Duchateau-768x1152.jpg 768w, https:\/\/prix.formesdeluxe.com\/app\/uploads\/2026\/01\/Bottle-Wines-Spirits-Beverages-Arturo-Franco-Garcia-Thomas-Auger-and-Lancelot-Duchateau-1024x1536.jpg 1024w, https:\/\/prix.formesdeluxe.com\/app\/uploads\/2026\/01\/Bottle-Wines-Spirits-Beverages-Arturo-Franco-Garcia-Thomas-Auger-and-Lancelot-Duchateau-1365x2048.jpg 1365w, https:\/\/prix.formesdeluxe.com\/app\/uploads\/2026\/01\/Bottle-Wines-Spirits-Beverages-Arturo-Franco-Garcia-Thomas-Auger-and-Lancelot-Duchateau-1200x1800.jpg 1200w, https:\/\/prix.formesdeluxe.com\/app\/uploads\/2026\/01\/Bottle-Wines-Spirits-Beverages-Arturo-Franco-Garcia-Thomas-Auger-and-Lancelot-Duchateau-400x600.jpg 400w, https:\/\/prix.formesdeluxe.com\/app\/uploads\/2026\/01\/Bottle-Wines-Spirits-Beverages-Arturo-Franco-Garcia-Thomas-Auger-and-Lancelot-Duchateau-scaled.jpg 1707w\" sizes=\"(max-width: 800px) 100vw, 800px\" \/><meta itemprop=\"caption\" content=\"Bouteille de Vin et Spiritueux &#038; Boissons &#8211; Arturo Franco Garcia , Thomas Auger et Lancelot Duch\u00e2teau.\"><figcaption><p style=\"text-align: center;\">Formes de Luxe Awards 2025 &#8211; Bouteille de Vin et Spiritueux &amp; Boissons &#8211; Arturo Franco Garcia , Thomas Auger et Lancelot Duch\u00e2teau<\/p><\/figcaption><\/figure><\/a><a href=\"https:\/\/prix.formesdeluxe.com\/app\/uploads\/2026\/01\/Bottle-Fragrance-Cosmetics-Isabelle-Germain-Lebreton-and-Veronique-Spoturno-scaled.jpg\" data-source=\"https:\/\/prix.formesdeluxe.com\/app\/uploads\/2026\/01\/Bottle-Fragrance-Cosmetics-Isabelle-Germain-Lebreton-and-Veronique-Spoturno-scaled.jpg\"><figure itemscope itemtype=\"https:\/\/schema.org\/ImageObject\"><img width=\"800\" height=\"1200\" src=\"https:\/\/prix.formesdeluxe.com\/app\/uploads\/2026\/01\/Bottle-Fragrance-Cosmetics-Isabelle-Germain-Lebreton-and-Veronique-Spoturno-800x1200.jpg\" class=\" wp-post-image\" alt=\"Bottle Fragrance &amp; Cosmetics - Isabelle Germain Lebreton and Veronique Spoturno\" srcset=\"https:\/\/prix.formesdeluxe.com\/app\/uploads\/2026\/01\/Bottle-Fragrance-Cosmetics-Isabelle-Germain-Lebreton-and-Veronique-Spoturno-800x1200.jpg 800w, https:\/\/prix.formesdeluxe.com\/app\/uploads\/2026\/01\/Bottle-Fragrance-Cosmetics-Isabelle-Germain-Lebreton-and-Veronique-Spoturno-200x300.jpg 200w, https:\/\/prix.formesdeluxe.com\/app\/uploads\/2026\/01\/Bottle-Fragrance-Cosmetics-Isabelle-Germain-Lebreton-and-Veronique-Spoturno-683x1024.jpg 683w, https:\/\/prix.formesdeluxe.com\/app\/uploads\/2026\/01\/Bottle-Fragrance-Cosmetics-Isabelle-Germain-Lebreton-and-Veronique-Spoturno-768x1152.jpg 768w, https:\/\/prix.formesdeluxe.com\/app\/uploads\/2026\/01\/Bottle-Fragrance-Cosmetics-Isabelle-Germain-Lebreton-and-Veronique-Spoturno-1024x1536.jpg 1024w, https:\/\/prix.formesdeluxe.com\/app\/uploads\/2026\/01\/Bottle-Fragrance-Cosmetics-Isabelle-Germain-Lebreton-and-Veronique-Spoturno-1365x2048.jpg 1365w, https:\/\/prix.formesdeluxe.com\/app\/uploads\/2026\/01\/Bottle-Fragrance-Cosmetics-Isabelle-Germain-Lebreton-and-Veronique-Spoturno-1200x1800.jpg 1200w, https:\/\/prix.formesdeluxe.com\/app\/uploads\/2026\/01\/Bottle-Fragrance-Cosmetics-Isabelle-Germain-Lebreton-and-Veronique-Spoturno-400x600.jpg 400w, https:\/\/prix.formesdeluxe.com\/app\/uploads\/2026\/01\/Bottle-Fragrance-Cosmetics-Isabelle-Germain-Lebreton-and-Veronique-Spoturno-scaled.jpg 1707w\" sizes=\"(max-width: 800px) 100vw, 800px\" \/><meta itemprop=\"caption\" content=\"Flacon de parfum et Cosm\u00e9tique &#8211; Isabelle Germain Lebreton et Veronique Spoturno\"><figcaption><p style=\"text-align: center;\">Formes de Luxe Awards 2025 &#8211; Flacon de Parfum et Cosm\u00e9tique &#8211; Isabelle Germain Lebreton et Veronique Spoturno<\/p><\/figcaption><\/figure><\/a><a href=\"https:\/\/prix.formesdeluxe.com\/app\/uploads\/2026\/01\/ApplicatorsBeauty-Tech-Frederic-Milesi-and-Frederic-Martin-scaled.jpg\" data-source=\"https:\/\/prix.formesdeluxe.com\/app\/uploads\/2026\/01\/ApplicatorsBeauty-Tech-Frederic-Milesi-and-Frederic-Martin-scaled.jpg\"><figure itemscope itemtype=\"https:\/\/schema.org\/ImageObject\"><img width=\"800\" height=\"1202\" src=\"https:\/\/prix.formesdeluxe.com\/app\/uploads\/2026\/01\/ApplicatorsBeauty-Tech-Frederic-Milesi-and-Frederic-Martin-800x1202.jpg\" class=\" wp-post-image\" alt=\"ApplicatorsBeauty Tech - Fr\u00e9d\u00e9ric Milesi and Fr\u00e9d\u00e9ric Martin\" srcset=\"https:\/\/prix.formesdeluxe.com\/app\/uploads\/2026\/01\/ApplicatorsBeauty-Tech-Frederic-Milesi-and-Frederic-Martin-800x1202.jpg 800w, https:\/\/prix.formesdeluxe.com\/app\/uploads\/2026\/01\/ApplicatorsBeauty-Tech-Frederic-Milesi-and-Frederic-Martin-200x300.jpg 200w, https:\/\/prix.formesdeluxe.com\/app\/uploads\/2026\/01\/ApplicatorsBeauty-Tech-Frederic-Milesi-and-Frederic-Martin-681x1024.jpg 681w, https:\/\/prix.formesdeluxe.com\/app\/uploads\/2026\/01\/ApplicatorsBeauty-Tech-Frederic-Milesi-and-Frederic-Martin-768x1154.jpg 768w, https:\/\/prix.formesdeluxe.com\/app\/uploads\/2026\/01\/ApplicatorsBeauty-Tech-Frederic-Milesi-and-Frederic-Martin-1022x1536.jpg 1022w, https:\/\/prix.formesdeluxe.com\/app\/uploads\/2026\/01\/ApplicatorsBeauty-Tech-Frederic-Milesi-and-Frederic-Martin-1363x2048.jpg 1363w, https:\/\/prix.formesdeluxe.com\/app\/uploads\/2026\/01\/ApplicatorsBeauty-Tech-Frederic-Milesi-and-Frederic-Martin-1200x1803.jpg 1200w, https:\/\/prix.formesdeluxe.com\/app\/uploads\/2026\/01\/ApplicatorsBeauty-Tech-Frederic-Milesi-and-Frederic-Martin-400x601.jpg 400w, https:\/\/prix.formesdeluxe.com\/app\/uploads\/2026\/01\/ApplicatorsBeauty-Tech-Frederic-Milesi-and-Frederic-Martin-scaled.jpg 1703w\" sizes=\"(max-width: 800px) 100vw, 800px\" \/><meta itemprop=\"caption\" content=\"Applicateur Beaut\u00e9\/Tech &#8211; Fr\u00e9d\u00e9ric Milesi et Fr\u00e9d\u00e9ric Martin\"><figcaption><p style=\"text-align: center;\">Formes de Luxe Awards 2025 &#8211; Applicateur Beaut\u00e9 &amp; Tech &#8211; Fr\u00e9d\u00e9ric Milesi et Fr\u00e9d\u00e9ric Martin<\/p><\/figcaption><\/figure><\/a><a href=\"https:\/\/prix.formesdeluxe.com\/app\/uploads\/2026\/01\/Accessories-Simon-Duronsoy-Charlotte-Harel-Leprince-Erwann-Pivert-scaled.jpg\" data-source=\"https:\/\/prix.formesdeluxe.com\/app\/uploads\/2026\/01\/Accessories-Simon-Duronsoy-Charlotte-Harel-Leprince-Erwann-Pivert-scaled.jpg\"><figure itemscope itemtype=\"https:\/\/schema.org\/ImageObject\"><img width=\"800\" height=\"1202\" src=\"https:\/\/prix.formesdeluxe.com\/app\/uploads\/2026\/01\/Accessories-Simon-Duronsoy-Charlotte-Harel-Leprince-Erwann-Pivert-800x1202.jpg\" class=\" wp-post-image\" alt=\"Accessories - Simon Duronsoy, Charlotte Harel Leprince, Erwann Pivert\" srcset=\"https:\/\/prix.formesdeluxe.com\/app\/uploads\/2026\/01\/Accessories-Simon-Duronsoy-Charlotte-Harel-Leprince-Erwann-Pivert-800x1202.jpg 800w, https:\/\/prix.formesdeluxe.com\/app\/uploads\/2026\/01\/Accessories-Simon-Duronsoy-Charlotte-Harel-Leprince-Erwann-Pivert-200x300.jpg 200w, https:\/\/prix.formesdeluxe.com\/app\/uploads\/2026\/01\/Accessories-Simon-Duronsoy-Charlotte-Harel-Leprince-Erwann-Pivert-681x1024.jpg 681w, https:\/\/prix.formesdeluxe.com\/app\/uploads\/2026\/01\/Accessories-Simon-Duronsoy-Charlotte-Harel-Leprince-Erwann-Pivert-768x1154.jpg 768w, https:\/\/prix.formesdeluxe.com\/app\/uploads\/2026\/01\/Accessories-Simon-Duronsoy-Charlotte-Harel-Leprince-Erwann-Pivert-1022x1536.jpg 1022w, https:\/\/prix.formesdeluxe.com\/app\/uploads\/2026\/01\/Accessories-Simon-Duronsoy-Charlotte-Harel-Leprince-Erwann-Pivert-1363x2048.jpg 1363w, https:\/\/prix.formesdeluxe.com\/app\/uploads\/2026\/01\/Accessories-Simon-Duronsoy-Charlotte-Harel-Leprince-Erwann-Pivert-1200x1803.jpg 1200w, https:\/\/prix.formesdeluxe.com\/app\/uploads\/2026\/01\/Accessories-Simon-Duronsoy-Charlotte-Harel-Leprince-Erwann-Pivert-400x601.jpg 400w, https:\/\/prix.formesdeluxe.com\/app\/uploads\/2026\/01\/Accessories-Simon-Duronsoy-Charlotte-Harel-Leprince-Erwann-Pivert-scaled.jpg 1704w\" sizes=\"(max-width: 800px) 100vw, 800px\" \/><meta itemprop=\"caption\" content=\"Accessoires &#8211; Simon Duronsoy, Charlotte Harel-Leprince, Erwann Pivert\"><figcaption><p style=\"text-align: center;\">Formes de Luxe Awards 2025- Accessoires &#8211; Simon Duronsoy, Charlotte Harel-Leprince, Erwann Pivert<\/p><\/figcaption><\/figure><\/a><\/div><\/div>\n<\/div><\/div>\n\n<div  class=\"strate alignfull has-background-color-opacity-100\" style=\" background-position: 50% 50%;\"><div class=\"centrage\">\n\n<h1 class=\"has-text-align-center\">PARTENAIRES 2025<\/h1>\n\n\n\n<div class=\"has-5-columns wp-block-columns alignwide are-vertically-aligned-center is-style-jc-space-between\">\n<div class=\" wp-block-column is-vertically-aligned-center\" style=\"flex-basis:20%\"><figure  class=\"block-img is-style-default alignwide width-100 only-all\"><a href=\"https:\/\/prix.formesdeluxe.com\/2025-partners\/devpack-2025\/\" target=\"_blank\"><img class=\"\" style=\"\" src=\"https:\/\/prix.formesdeluxe.com\/app\/uploads\/2025\/06\/logo-DevPack.png\" alt=\"\" width=\"1557\" height=\"405\"><\/a><\/figure><\/div>\n\n\n\n<div class=\" wp-block-column\" style=\"flex-basis:20%\"><figure  class=\"block-img is-style-default alignwide width-100 only-all\"><a href=\"https:\/\/prix.formesdeluxe.com\/2025-partners\/nuon2-2025\/\" target=\"_blank\"><img class=\"\" style=\"\" src=\"https:\/\/prix.formesdeluxe.com\/app\/uploads\/2024\/07\/Nuon_logo3-2.jpg\" alt=\"\" width=\"800\" height=\"362\"><\/a><\/figure><\/div>\n\n\n\n<div class=\" wp-block-column\" style=\"flex-basis:19.99%\"><figure  class=\"block-img   width-75 only-all\"><a href=\"https:\/\/prix.formesdeluxe.com\/2025-partners\/salinas-2025\/\" target=\"_self\"><img class=\"\" style=\"\" src=\"https:\/\/prix.formesdeluxe.com\/app\/uploads\/2025\/06\/Salinas-LOGO.png\" alt=\"\" width=\"939\" height=\"666\"><\/a><\/figure><\/div>\n\n\n\n<div class=\" wp-block-column\" style=\"flex-basis:20%\"><figure  class=\"block-img   width-75 only-all\"><a href=\"https:\/\/prix.formesdeluxe.com\/2025-partners\/visit-monaco-2025\/\" target=\"_self\"><img class=\"\" style=\"\" src=\"https:\/\/prix.formesdeluxe.com\/app\/uploads\/2024\/06\/Logo-Visit-Monaco-detoure_Sponsor.png\" alt=\"\" width=\"800\" height=\"247\"><\/a><\/figure><\/div>\n\n\n\n<div class=\" wp-block-column\" style=\"flex-basis:20%\"><figure  class=\"block-img   width-100 only-all\"><a href=\"https:\/\/prix.formesdeluxe.com\/2025-partners\/oriol-fontanel-2025\/\" target=\"_self\"><img class=\"\" style=\"\" src=\"https:\/\/prix.formesdeluxe.com\/app\/uploads\/2025\/07\/Oriol-Fontanel-LOGO-2025.jpg\" alt=\"\" width=\"1820\" height=\"830\"><\/a><\/figure><\/div>\n<\/div>\n\n<\/div><\/div>","protected":false},"excerpt":{"rendered":"<p>C\u00c9R\u00c9MONIE DE REMISE DES PRIX FORMES DE LUXE Revivez la c\u00e9r\u00e9monie des Formes de Luxe Awards 2025 en images et&hellip;<\/p>\n","protected":false},"author":14,"featured_media":0,"parent":0,"menu_order":0,"comment_status":"closed","ping_status":"closed","template":"tpl_homepage.php","meta":[],"yoast_head":"<!-- This site is optimized with the Yoast SEO plugin v15.9.2 - https:\/\/yoast.com\/wordpress\/plugins\/seo\/ -->\n<meta name=\"robots\" content=\"index, follow, max-snippet:-1, max-image-preview:large, max-video-preview:-1\" \/>\n<link rel=\"canonical\" href=\"https:\/\/prix.formesdeluxe.com\/fr\/ceremonie-des-prix-formes-de-luxe-2025\/\" \/>\n<meta property=\"og:locale\" content=\"fr_FR\" \/>\n<meta property=\"og:type\" content=\"article\" \/>\n<meta property=\"og:title\" content=\"C\u00e9r\u00e9monie des Prix Formes de Luxe 2025 - Prix Formes de Luxe\" \/>\n<meta property=\"og:description\" content=\"C\u00c9R\u00c9MONIE DE REMISE DES PRIX FORMES DE LUXE Revivez la c\u00e9r\u00e9monie des Formes de Luxe Awards 2025 en images et&hellip;\" \/>\n<meta property=\"og:url\" content=\"https:\/\/prix.formesdeluxe.com\/fr\/ceremonie-des-prix-formes-de-luxe-2025\/\" \/>\n<meta property=\"og:site_name\" content=\"Prix Formes de Luxe\" \/>\n<meta property=\"article:modified_time\" content=\"2026-01-29T16:15:41+00:00\" \/>\n<meta name=\"twitter:card\" content=\"summary_large_image\" \/>\n<meta name=\"twitter:label1\" content=\"Est. reading time\">\n\t<meta name=\"twitter:data1\" content=\"1 minute\">\n<script type=\"application\/ld+json\" class=\"yoast-schema-graph\">{\"@context\":\"https:\/\/schema.org\",\"@graph\":[{\"@type\":\"WebSite\",\"@id\":\"https:\/\/prix.formesdeluxe.com\/#website\",\"url\":\"https:\/\/prix.formesdeluxe.com\/\",\"name\":\"Prix Formes de Luxe\",\"description\":\"Un site utilisant WordPress\",\"potentialAction\":[{\"@type\":\"SearchAction\",\"target\":\"https:\/\/prix.formesdeluxe.com\/?s={search_term_string}\",\"query-input\":\"required name=search_term_string\"}],\"inLanguage\":\"fr-FR\"},{\"@type\":\"WebPage\",\"@id\":\"https:\/\/prix.formesdeluxe.com\/fr\/ceremonie-des-prix-formes-de-luxe-2025\/#webpage\",\"url\":\"https:\/\/prix.formesdeluxe.com\/fr\/ceremonie-des-prix-formes-de-luxe-2025\/\",\"name\":\"C\\u00e9r\\u00e9monie des Prix Formes de Luxe 2025 - Prix Formes de Luxe\",\"isPartOf\":{\"@id\":\"https:\/\/prix.formesdeluxe.com\/#website\"},\"datePublished\":\"2026-01-22T13:37:08+00:00\",\"dateModified\":\"2026-01-29T16:15:41+00:00\",\"breadcrumb\":{\"@id\":\"https:\/\/prix.formesdeluxe.com\/fr\/ceremonie-des-prix-formes-de-luxe-2025\/#breadcrumb\"},\"inLanguage\":\"fr-FR\",\"potentialAction\":[{\"@type\":\"ReadAction\",\"target\":[\"https:\/\/prix.formesdeluxe.com\/fr\/ceremonie-des-prix-formes-de-luxe-2025\/\"]}]},{\"@type\":\"BreadcrumbList\",\"@id\":\"https:\/\/prix.formesdeluxe.com\/fr\/ceremonie-des-prix-formes-de-luxe-2025\/#breadcrumb\",\"itemListElement\":[{\"@type\":\"ListItem\",\"position\":1,\"item\":{\"@type\":\"WebPage\",\"@id\":\"https:\/\/prix.formesdeluxe.com\/fr\/\",\"url\":\"https:\/\/prix.formesdeluxe.com\/fr\/\",\"name\":\"Home\"}},{\"@type\":\"ListItem\",\"position\":2,\"item\":{\"@type\":\"WebPage\",\"@id\":\"https:\/\/prix.formesdeluxe.com\/fr\/ceremonie-des-prix-formes-de-luxe-2025\/\",\"url\":\"https:\/\/prix.formesdeluxe.com\/fr\/ceremonie-des-prix-formes-de-luxe-2025\/\",\"name\":\"C\\u00e9r\\u00e9monie des Prix Formes de Luxe 2025\"}}]}]}<\/script>\n<!-- \/ Yoast SEO plugin. -->","_links":{"self":[{"href":"https:\/\/prix.formesdeluxe.com\/fr\/wp-json\/wp\/v2\/pages\/9799"}],"collection":[{"href":"https:\/\/prix.formesdeluxe.com\/fr\/wp-json\/wp\/v2\/pages"}],"about":[{"href":"https:\/\/prix.formesdeluxe.com\/fr\/wp-json\/wp\/v2\/types\/page"}],"author":[{"embeddable":true,"href":"https:\/\/prix.formesdeluxe.com\/fr\/wp-json\/wp\/v2\/users\/14"}],"replies":[{"embeddable":true,"href":"https:\/\/prix.formesdeluxe.com\/fr\/wp-json\/wp\/v2\/comments?post=9799"}],"version-history":[{"count":6,"href":"https:\/\/prix.formesdeluxe.com\/fr\/wp-json\/wp\/v2\/pages\/9799\/revisions"}],"predecessor-version":[{"id":9928,"href":"https:\/\/prix.formesdeluxe.com\/fr\/wp-json\/wp\/v2\/pages\/9799\/revisions\/9928"}],"wp:attachment":[{"href":"https:\/\/prix.formesdeluxe.com\/fr\/wp-json\/wp\/v2\/media?parent=9799"}],"curies":[{"name":"wp","href":"https:\/\/api.w.org\/{rel}","templated":true}]}}